{"id":602,"date":"2019-01-24T09:01:33","date_gmt":"2019-01-24T09:01:33","guid":{"rendered":"http:\/\/grupalvid.com\/?page_id=602"},"modified":"2022-09-13T11:44:59","modified_gmt":"2022-09-13T11:44:59","slug":"inicio","status":"publish","type":"page","link":"https:\/\/grupalvid.com\/es\/","title":{"rendered":"Inicio"},"content":{"rendered":"<div class=\"wpb-content-wrapper\"><p>[vc_row css_animation=\u00bb\u00bb row_type=\u00bbrow\u00bb use_row_as_full_screen_section=\u00bbno\u00bb type=\u00bbgrid\u00bb angled_section=\u00bbno\u00bb text_align=\u00bbleft\u00bb background_image_as_pattern=\u00bbwithout_pattern\u00bb z_index=\u00bb\u00bb][vc_column][vc_empty_space height=\u00bb148px\u00bb][vc_column_text]<\/p>\n<h2 style=\"text-align: center;\">Servicios<\/h2>\n<p>[\/vc_column_text][vc_separator type=\u00bbsmall\u00bb position=\u00bbcenter\u00bb color=\u00bb#9d2d7f\u00bb][vc_empty_space height=\u00bb68px\u00bb][vc_row_inner row_type=\u00bbrow\u00bb type=\u00bbfull_width\u00bb text_align=\u00bbleft\u00bb css_animation=\u00bb\u00bb][vc_column_inner width=\u00bb1\/3&#8243;]<div class='q_icon_with_title large circle center '><div class=\"icon_holder \" style=\" \"><span data-icon-type=\"circle\" data-icon-hover-color=\"#ffffff\"  class=\"qode_iwt_icon_holder fa-stack fa-4x  \" style=\"border-color: #9d2d7f;background-color: #9d2d7f;\"><i class=\"qode_icon_font_awesome fa fa-building qode_iwt_icon_element\" style=\"color: #ffffff;\" ><\/i><\/span><\/div><div class=\"icon_text_holder\" style=\"\"><div class=\"icon_text_inner\" style=\"\"><h5 class=\"icon_title\" style=\"font-weight: 400;\">Rehabilitaci\u00f3n integral de edificios<\/h5><p style=''><\/p><\/div><\/div><\/div>[\/vc_column_inner][vc_column_inner width=\u00bb1\/3&#8243;]<div class='q_icon_with_title large circle center '><div class=\"icon_holder \" style=\" \"><span data-icon-type=\"circle\" data-icon-hover-color=\"#ffffff\"  class=\"qode_iwt_icon_holder fa-stack fa-4x  \" style=\"border-color: #9d2d7f;background-color: #9d2d7f;\"><i class=\"qode_icon_font_awesome fa fa-bandcamp qode_iwt_icon_element\" style=\"color: #ffffff;\" ><\/i><\/span><\/div><div class=\"icon_text_holder\" style=\"\"><div class=\"icon_text_inner\" style=\"\"><h5 class=\"icon_title\" style=\"font-weight: 400;\">Rehabilitaci\u00f3n edificios \u00e9poca, catalogados y\/o protegidos<\/h5><p style=''><\/p><\/div><\/div><\/div>[\/vc_column_inner][vc_column_inner width=\u00bb1\/3&#8243;]<div class='q_icon_with_title large circle center '><div class=\"icon_holder \" style=\" \"><span data-icon-type=\"circle\" data-icon-hover-color=\"#ffffff\"  class=\"qode_iwt_icon_holder fa-stack fa-4x  \" style=\"border-color: #9d2d7f;background-color: #9d2d7f;\"><i class=\"qode_icon_font_awesome fa fa-home qode_iwt_icon_element\" style=\"color: #ffffff;\" ><\/i><\/span><\/div><div class=\"icon_text_holder\" style=\"\"><div class=\"icon_text_inner\" style=\"\"><h5 class=\"icon_title\" style=\"font-weight: 400;\">Obra nueva<\/h5><p style=''><\/p><\/div><\/div><\/div>[\/vc_column_inner][\/vc_row_inner][vc_empty_space height=\u00bb52px\u00bb][vc_row_inner row_type=\u00bbrow\u00bb type=\u00bbfull_width\u00bb text_align=\u00bbleft\u00bb css_animation=\u00bb\u00bb][vc_column_inner width=\u00bb1\/3&#8243;]<div class='q_icon_with_title large circle center '><div class=\"icon_holder \" style=\" \"><span data-icon-type=\"circle\" data-icon-hover-color=\"#ffffff\"  class=\"qode_iwt_icon_holder fa-stack fa-4x  \" style=\"border-color: #9d2d7f;background-color: #9d2d7f;\"><i class=\"qode_icon_font_awesome fa fa-bath qode_iwt_icon_element\" style=\"color: #ffffff;\" ><\/i><\/span><\/div><div class=\"icon_text_holder\" style=\"\"><div class=\"icon_text_inner\" style=\"\"><h5 class=\"icon_title\" style=\"font-weight: 400;\">Reformas interiores<\/h5><p style=''><\/p><\/div><\/div><\/div>[\/vc_column_inner][vc_column_inner width=\u00bb1\/3&#8243;]<div class='q_icon_with_title large circle center '><div class=\"icon_holder \" style=\" \"><span data-icon-type=\"circle\" data-icon-hover-color=\"#ffffff\"  class=\"qode_iwt_icon_holder fa-stack fa-4x  \" style=\"border-color: #9d2d7f;background-color: #9d2d7f;\"><i class=\"qode_icon_font_awesome fa fa-road qode_iwt_icon_element\" style=\"color: #ffffff;\" ><\/i><\/span><\/div><div class=\"icon_text_holder\" style=\"\"><div class=\"icon_text_inner\" style=\"\"><h5 class=\"icon_title\" style=\"font-weight: 400;\">Trabajos verticales<\/h5><p style=''><\/p><\/div><\/div><\/div>[\/vc_column_inner][vc_column_inner width=\u00bb1\/3&#8243;]<div class='q_icon_with_title large circle center '><div class=\"icon_holder \" style=\" \"><span data-icon-type=\"circle\" data-icon-hover-color=\"#ffffff\"  class=\"qode_iwt_icon_holder fa-stack fa-4x  \" style=\"border-color: #9d2d7f;background-color: #9d2d7f;\"><i class=\"qode_icon_font_awesome fa fa-hospital-o qode_iwt_icon_element\" style=\"color: #ffffff;\" ><\/i><\/span><\/div><div class=\"icon_text_holder\" style=\"\"><div class=\"icon_text_inner\" style=\"\"><h5 class=\"icon_title\" style=\"font-weight: 400;\">Obra civil - administraci\u00f3n p\u00fablica<\/h5><p style=''><\/p><\/div><\/div><\/div>[\/vc_column_inner][\/vc_row_inner][vc_empty_space height=\u00bb102px\u00bb][\/vc_column][\/vc_row][vc_row css_animation=\u00bb\u00bb row_type=\u00bbrow\u00bb use_row_as_full_screen_section=\u00bbno\u00bb type=\u00bbgrid\u00bb angled_section=\u00bbno\u00bb text_align=\u00bbcenter\u00bb background_image_as_pattern=\u00bbwithout_pattern\u00bb background_color=\u00bb#f7f7f7&#8243; css=\u00bb.vc_custom_1456138762113{padding-top: 126px !important;padding-bottom: 86px !important;}\u00bb][vc_column offset=\u00bbvc_col-lg-6 vc_col-md-6&#8243;][vc_separator type=\u00bbtransparent\u00bb thickness=\u00bb0&#8243; up=\u00bb20&#8243; down=\u00bb0&#8243;][vc_column_text]<\/p>\n<h2>Grup Alvid<\/h2>\n<p>[\/vc_column_text][vc_separator type=\u00bbsmall\u00bb position=\u00bbcenter\u00bb color=\u00bb#9d2d7f\u00bb][vc_column_text]Somos una empresa dedicada al servicio de la rehabilitaci\u00f3n y restauraci\u00f3n de edificios en general y de obra civil desde 1999. Son 20 a\u00f1os de experiencia en este sector, trabajando para Comunidades de propietarios, particulares, ayuntamientos y administraciones de fincas.[\/vc_column_text][vc_separator type=\u00bbtransparent\u00bb thickness=\u00bb0&#8243; up=\u00bb10&#8243; down=\u00bb0&#8243;][vc_column_text]Siempre dando lo mejor de nosotros, sentimos pasi\u00f3n por lo que hacemos, es as\u00ed como entendemos la construcci\u00f3n, la confianza, el compromiso y cercan\u00eda con nuestros clientes.[\/vc_column_text][vc_separator type=\u00bbtransparent\u00bb thickness=\u00bb0&#8243; up=\u00bb10&#8243; down=\u00bb0&#8243;][vc_column_text]La calidad y la experiencia de nuestro equipo es la mejor garant\u00eda que hace, que seamos una empresa s\u00f3lida y referente en el sector. Somos personas realmente comprometidas con nuestro proyecto y con todo lo que hacemos.[\/vc_column_text][vc_separator type=\u00bbtransparent\u00bb thickness=\u00bb0&#8243; up=\u00bb10&#8243; down=\u00bb0&#8243;][\/vc_column][vc_column offset=\u00bbvc_col-lg-6 vc_col-md-6&#8243;][vc_row_inner row_type=\u00bbrow\u00bb type=\u00bbfull_width\u00bb text_align=\u00bbleft\u00bb css_animation=\u00bb\u00bb][vc_column_inner width=\u00bb1\/12&#8243;][\/vc_column_inner][vc_column_inner width=\u00bb10\/12&#8243;][vc_single_image image=\u00bb718&#8243; img_size=\u00bbfull\u00bb alignment=\u00bbcenter\u00bb qode_css_animation=\u00bb\u00bb][\/vc_column_inner][vc_column_inner width=\u00bb1\/12&#8243;][\/vc_column_inner][\/vc_row_inner][vc_separator type=\u00bbtransparent\u00bb thickness=\u00bb0&#8243; up=\u00bb70&#8243; down=\u00bb0&#8243;][\/vc_column][\/vc_row][vc_row css_animation=\u00bb\u00bb row_type=\u00bbrow\u00bb use_row_as_full_screen_section=\u00bbno\u00bb type=\u00bbfull_width\u00bb angled_section=\u00bbno\u00bb text_align=\u00bbleft\u00bb background_image_as_pattern=\u00bbwithout_pattern\u00bb][vc_column]<a  itemprop=\"url\" href=\"\/es\/proyectos\/\" target=\"_self\" data-hover-background-color=#9f3380 data-hover-color=#f9f9f9 class=\"qbutton  big_large_full_width center default\" style=\"color: #ffffff; background-color: #222222;\">Ver todos los proyectos<\/a><div class='projects_holder_outer justified_gallery '><div class='projects_holder portfolio_main_holder clearfix portfolio_full_image '  data-row-height='300' data-last-row='nojustify' data-justify-threshold='0.75'>\n<article class='portfolio_category_53 ' style=''><a itemprop=\"url\" class=\"portfolio_jg_image_link image_holder default\" href=\"https:\/\/grupalvid.com\/es\/portfolio_page\/fachada-salvador-olivella-17\/\" target=\"_self\"><img loading=\"lazy\" decoding=\"async\" width=\"1024\" height=\"768\" src=\"https:\/\/grupalvid.com\/wp-content\/uploads\/2019\/01\/FA\u00c7ANA-SALVADOR-OLIVELLA-17-2.jpg\" class=\"attachment-full size-full wp-post-image\" alt=\"\" srcset=\"https:\/\/grupalvid.com\/wp-content\/uploads\/2019\/01\/FA\u00c7ANA-SALVADOR-OLIVELLA-17-2.jpg 1024w, https:\/\/grupalvid.com\/wp-content\/uploads\/2019\/01\/FA\u00c7ANA-SALVADOR-OLIVELLA-17-2-300x225.jpg 300w, https:\/\/grupalvid.com\/wp-content\/uploads\/2019\/01\/FA\u00c7ANA-SALVADOR-OLIVELLA-17-2-768x576.jpg 768w, https:\/\/grupalvid.com\/wp-content\/uploads\/2019\/01\/FA\u00c7ANA-SALVADOR-OLIVELLA-17-2-800x600.jpg 800w, https:\/\/grupalvid.com\/wp-content\/uploads\/2019\/01\/FA\u00c7ANA-SALVADOR-OLIVELLA-17-2-700x525.jpg 700w\" sizes=\"auto, (max-width: 1024px) 100vw, 1024px\" \/><\/a><span class='text_holder'><span class='text_outer'><span class='text_inner'><div class=\"hover_feature_holder_title\"><div class=\"hover_feature_holder_title_inner\"><h5 itemprop=\"name\" class=\"portfolio_title entry_title\"><a itemprop=\"url\" href=\"https:\/\/grupalvid.com\/es\/portfolio_page\/fachada-salvador-olivella-17\/\"  target=\"_self\">Fachada Salvador Olivella 17<\/a><\/h5><span class=\"project_category\" >Rehabilitaci\u00f3n integral de edificios<\/span><\/div><\/div><span class='feature_holder'><span class=\"feature_holder_icons\"><span class='portfolio_like qbutton small white'><a  href=\"#\" class=\"qode-like\" id=\"qode-like-884\" title=\"Like this\">0<span>  Likes<\/span><\/a><\/span><\/span><\/span><\/span><\/span><\/span><\/article>\n<article class='portfolio_category_54 ' style=''><a itemprop=\"url\" class=\"portfolio_jg_image_link image_holder default\" href=\"https:\/\/grupalvid.com\/es\/portfolio_page\/rehabilitacion-fachada-ca-la-quima\/\" target=\"_self\"><img loading=\"lazy\" decoding=\"async\" width=\"1008\" height=\"756\" src=\"https:\/\/grupalvid.com\/wp-content\/uploads\/2019\/01\/ca-la-quima-1.jpg\" class=\"attachment-full size-full wp-post-image\" alt=\"\" srcset=\"https:\/\/grupalvid.com\/wp-content\/uploads\/2019\/01\/ca-la-quima-1.jpg 1008w, https:\/\/grupalvid.com\/wp-content\/uploads\/2019\/01\/ca-la-quima-1-300x225.jpg 300w, https:\/\/grupalvid.com\/wp-content\/uploads\/2019\/01\/ca-la-quima-1-768x576.jpg 768w, https:\/\/grupalvid.com\/wp-content\/uploads\/2019\/01\/ca-la-quima-1-800x600.jpg 800w, https:\/\/grupalvid.com\/wp-content\/uploads\/2019\/01\/ca-la-quima-1-700x525.jpg 700w\" sizes=\"auto, (max-width: 1008px) 100vw, 1008px\" \/><\/a><span class='text_holder'><span class='text_outer'><span class='text_inner'><div class=\"hover_feature_holder_title\"><div class=\"hover_feature_holder_title_inner\"><h5 itemprop=\"name\" class=\"portfolio_title entry_title\"><a itemprop=\"url\" href=\"https:\/\/grupalvid.com\/es\/portfolio_page\/rehabilitacion-fachada-ca-la-quima\/\"  target=\"_self\">Rehabilitaci\u00f3n fachada Ca la Quima<\/a><\/h5><span class=\"project_category\" >Rehabilitaci\u00f3n de edificios de \u00e9poca<\/span><\/div><\/div><span class='feature_holder'><span class=\"feature_holder_icons\"><span class='portfolio_like qbutton small white'><a  href=\"#\" class=\"qode-like\" id=\"qode-like-888\" title=\"Like this\">0<span>  Likes<\/span><\/a><\/span><\/span><\/span><\/span><\/span><\/span><\/article>\n<article class='portfolio_category_54 ' style=''><a itemprop=\"url\" class=\"portfolio_jg_image_link image_holder default\" href=\"https:\/\/grupalvid.com\/es\/portfolio_page\/rehabilitacion-fachada-can-xicarro\/\" target=\"_self\"><img loading=\"lazy\" decoding=\"async\" width=\"980\" height=\"740\" src=\"https:\/\/grupalvid.com\/wp-content\/uploads\/2019\/01\/CAN-XICARRO-1.jpg\" class=\"attachment-full size-full wp-post-image\" alt=\"\" srcset=\"https:\/\/grupalvid.com\/wp-content\/uploads\/2019\/01\/CAN-XICARRO-1.jpg 980w, https:\/\/grupalvid.com\/wp-content\/uploads\/2019\/01\/CAN-XICARRO-1-300x227.jpg 300w, https:\/\/grupalvid.com\/wp-content\/uploads\/2019\/01\/CAN-XICARRO-1-768x580.jpg 768w, https:\/\/grupalvid.com\/wp-content\/uploads\/2019\/01\/CAN-XICARRO-1-700x529.jpg 700w\" sizes=\"auto, (max-width: 980px) 100vw, 980px\" \/><\/a><span class='text_holder'><span class='text_outer'><span class='text_inner'><div class=\"hover_feature_holder_title\"><div class=\"hover_feature_holder_title_inner\"><h5 itemprop=\"name\" class=\"portfolio_title entry_title\"><a itemprop=\"url\" href=\"https:\/\/grupalvid.com\/es\/portfolio_page\/rehabilitacion-fachada-can-xicarro\/\"  target=\"_self\">Rehabilitaci\u00f3n fachada Can Xicarro<\/a><\/h5><span class=\"project_category\" >Rehabilitaci\u00f3n de edificios de \u00e9poca<\/span><\/div><\/div><span class='feature_holder'><span class=\"feature_holder_icons\"><span class='portfolio_like qbutton small white'><a  href=\"#\" class=\"qode-like\" id=\"qode-like-889\" title=\"Like this\">0<span>  Likes<\/span><\/a><\/span><\/span><\/span><\/span><\/span><\/span><\/article>\n<article class='portfolio_category_54 ' style=''><a itemprop=\"url\" class=\"portfolio_jg_image_link image_holder default\" href=\"https:\/\/grupalvid.com\/es\/portfolio_page\/rehabilitacion-fachada-la-pinta-la-nina-y-la-santa-maria\/\" target=\"_self\"><img loading=\"lazy\" decoding=\"async\" width=\"980\" height=\"740\" src=\"https:\/\/grupalvid.com\/wp-content\/uploads\/2019\/01\/LA-PINTA-LA-NI\u00d1A-Y-LA-SANTA-MARIA-2.jpg\" class=\"attachment-full size-full wp-post-image\" alt=\"\" srcset=\"https:\/\/grupalvid.com\/wp-content\/uploads\/2019\/01\/LA-PINTA-LA-NI\u00d1A-Y-LA-SANTA-MARIA-2.jpg 980w, https:\/\/grupalvid.com\/wp-content\/uploads\/2019\/01\/LA-PINTA-LA-NI\u00d1A-Y-LA-SANTA-MARIA-2-300x227.jpg 300w, https:\/\/grupalvid.com\/wp-content\/uploads\/2019\/01\/LA-PINTA-LA-NI\u00d1A-Y-LA-SANTA-MARIA-2-768x580.jpg 768w, https:\/\/grupalvid.com\/wp-content\/uploads\/2019\/01\/LA-PINTA-LA-NI\u00d1A-Y-LA-SANTA-MARIA-2-700x529.jpg 700w\" sizes=\"auto, (max-width: 980px) 100vw, 980px\" \/><\/a><span class='text_holder'><span class='text_outer'><span class='text_inner'><div class=\"hover_feature_holder_title\"><div class=\"hover_feature_holder_title_inner\"><h5 itemprop=\"name\" class=\"portfolio_title entry_title\"><a itemprop=\"url\" href=\"https:\/\/grupalvid.com\/es\/portfolio_page\/rehabilitacion-fachada-la-pinta-la-nina-y-la-santa-maria\/\"  target=\"_self\">Rehabilitaci\u00f3n fachada La Pinta, La Ni\u00f1a y la Santa Maria<\/a><\/h5><span class=\"project_category\" >Rehabilitaci\u00f3n de edificios de \u00e9poca<\/span><\/div><\/div><span class='feature_holder'><span class=\"feature_holder_icons\"><span class='portfolio_like qbutton small white'><a  href=\"#\" class=\"qode-like\" id=\"qode-like-890\" title=\"Like this\">0<span>  Likes<\/span><\/a><\/span><\/span><\/span><\/span><\/span><\/span><\/article>\n<article class='portfolio_category_56 ' style=''><a itemprop=\"url\" class=\"portfolio_jg_image_link image_holder default\" href=\"https:\/\/grupalvid.com\/es\/portfolio_page\/casa-ctra-dels-cards-de-ribes\/\" target=\"_self\"><img loading=\"lazy\" decoding=\"async\" width=\"960\" height=\"720\" src=\"https:\/\/grupalvid.com\/wp-content\/uploads\/2019\/01\/lluis-pascual.jpg\" class=\"attachment-full size-full wp-post-image\" alt=\"\" srcset=\"https:\/\/grupalvid.com\/wp-content\/uploads\/2019\/01\/lluis-pascual.jpg 960w, https:\/\/grupalvid.com\/wp-content\/uploads\/2019\/01\/lluis-pascual-300x225.jpg 300w, https:\/\/grupalvid.com\/wp-content\/uploads\/2019\/01\/lluis-pascual-768x576.jpg 768w, https:\/\/grupalvid.com\/wp-content\/uploads\/2019\/01\/lluis-pascual-800x600.jpg 800w, https:\/\/grupalvid.com\/wp-content\/uploads\/2019\/01\/lluis-pascual-700x525.jpg 700w\" sizes=\"auto, (max-width: 960px) 100vw, 960px\" \/><\/a><span class='text_holder'><span class='text_outer'><span class='text_inner'><div class=\"hover_feature_holder_title\"><div class=\"hover_feature_holder_title_inner\"><h5 itemprop=\"name\" class=\"portfolio_title entry_title\"><a itemprop=\"url\" href=\"https:\/\/grupalvid.com\/es\/portfolio_page\/casa-ctra-dels-cards-de-ribes\/\"  target=\"_self\">Casa Ctra. Dels Cards de Ribes<\/a><\/h5><span class=\"project_category\" >Obra nueva<\/span><\/div><\/div><span class='feature_holder'><span class=\"feature_holder_icons\"><span class='portfolio_like qbutton small white'><a  href=\"#\" class=\"qode-like\" id=\"qode-like-893\" title=\"Like this\">0<span>  Likes<\/span><\/a><\/span><\/span><\/span><\/span><\/span><\/span><\/article>\n<article class='portfolio_category_57 ' style=''><a itemprop=\"url\" class=\"portfolio_jg_image_link image_holder default\" href=\"https:\/\/grupalvid.com\/es\/portfolio_page\/supresion-barreras-arquitectonicas\/\" target=\"_self\"><img loading=\"lazy\" decoding=\"async\" width=\"509\" height=\"372\" src=\"https:\/\/grupalvid.com\/wp-content\/uploads\/2019\/01\/supresi\u00f3-de-barreres.jpg\" class=\"attachment-full size-full wp-post-image\" alt=\"\" srcset=\"https:\/\/grupalvid.com\/wp-content\/uploads\/2019\/01\/supresi\u00f3-de-barreres.jpg 509w, https:\/\/grupalvid.com\/wp-content\/uploads\/2019\/01\/supresi\u00f3-de-barreres-300x219.jpg 300w\" sizes=\"auto, (max-width: 509px) 100vw, 509px\" \/><\/a><span class='text_holder'><span class='text_outer'><span class='text_inner'><div class=\"hover_feature_holder_title\"><div class=\"hover_feature_holder_title_inner\"><h5 itemprop=\"name\" class=\"portfolio_title entry_title\"><a itemprop=\"url\" href=\"https:\/\/grupalvid.com\/es\/portfolio_page\/supresion-barreras-arquitectonicas\/\"  target=\"_self\">Supresi\u00f3n barreras arquitect\u00f3nicas<\/a><\/h5><span class=\"project_category\" >Obra civil<\/span><\/div><\/div><span class='feature_holder'><span class=\"feature_holder_icons\"><span class='portfolio_like qbutton small white'><a  href=\"#\" class=\"qode-like\" id=\"qode-like-895\" title=\"Like this\">0<span>  Likes<\/span><\/a><\/span><\/span><\/span><\/span><\/span><\/span><\/article>\n<article class='portfolio_category_57 ' style=''><a itemprop=\"url\" class=\"portfolio_jg_image_link image_holder default\" href=\"https:\/\/grupalvid.com\/es\/portfolio_page\/urbanizacion-entorno-del-cap\/\" target=\"_self\"><img loading=\"lazy\" decoding=\"async\" width=\"1040\" height=\"780\" src=\"https:\/\/grupalvid.com\/wp-content\/uploads\/2019\/01\/URBANITZACI\u00d3-ENTORN-DEL-CAP-3.jpg\" class=\"attachment-full size-full wp-post-image\" alt=\"\" srcset=\"https:\/\/grupalvid.com\/wp-content\/uploads\/2019\/01\/URBANITZACI\u00d3-ENTORN-DEL-CAP-3.jpg 1040w, https:\/\/grupalvid.com\/wp-content\/uploads\/2019\/01\/URBANITZACI\u00d3-ENTORN-DEL-CAP-3-300x225.jpg 300w, https:\/\/grupalvid.com\/wp-content\/uploads\/2019\/01\/URBANITZACI\u00d3-ENTORN-DEL-CAP-3-768x576.jpg 768w, https:\/\/grupalvid.com\/wp-content\/uploads\/2019\/01\/URBANITZACI\u00d3-ENTORN-DEL-CAP-3-1024x768.jpg 1024w, https:\/\/grupalvid.com\/wp-content\/uploads\/2019\/01\/URBANITZACI\u00d3-ENTORN-DEL-CAP-3-800x600.jpg 800w, https:\/\/grupalvid.com\/wp-content\/uploads\/2019\/01\/URBANITZACI\u00d3-ENTORN-DEL-CAP-3-700x525.jpg 700w\" sizes=\"auto, (max-width: 1040px) 100vw, 1040px\" \/><\/a><span class='text_holder'><span class='text_outer'><span class='text_inner'><div class=\"hover_feature_holder_title\"><div class=\"hover_feature_holder_title_inner\"><h5 itemprop=\"name\" class=\"portfolio_title entry_title\"><a itemprop=\"url\" href=\"https:\/\/grupalvid.com\/es\/portfolio_page\/urbanizacion-entorno-del-cap\/\"  target=\"_self\">Urbanizaci\u00f3n entorno del Cap<\/a><\/h5><span class=\"project_category\" >Obra civil<\/span><\/div><\/div><span class='feature_holder'><span class=\"feature_holder_icons\"><span class='portfolio_like qbutton small white'><a  href=\"#\" class=\"qode-like\" id=\"qode-like-896\" title=\"Like this\">0<span>  Likes<\/span><\/a><\/span><\/span><\/span><\/span><\/span><\/span><\/article>\n<article class='portfolio_category_57 ' style=''><a itemprop=\"url\" class=\"portfolio_jg_image_link image_holder default\" href=\"https:\/\/grupalvid.com\/es\/portfolio_page\/pozos-y-canalizacion\/\" target=\"_self\"><img loading=\"lazy\" decoding=\"async\" width=\"334\" height=\"251\" src=\"https:\/\/grupalvid.com\/wp-content\/uploads\/2019\/01\/PROJECCI\u00d3-DE-FORMIG\u00d3-A-TALUSOS-A-A-DEPURADORA-DAIG\u00dcES-DE-MONTBLANC.jpg\" class=\"attachment-full size-full wp-post-image\" alt=\"\" srcset=\"https:\/\/grupalvid.com\/wp-content\/uploads\/2019\/01\/PROJECCI\u00d3-DE-FORMIG\u00d3-A-TALUSOS-A-A-DEPURADORA-DAIG\u00dcES-DE-MONTBLANC.jpg 334w, https:\/\/grupalvid.com\/wp-content\/uploads\/2019\/01\/PROJECCI\u00d3-DE-FORMIG\u00d3-A-TALUSOS-A-A-DEPURADORA-DAIG\u00dcES-DE-MONTBLANC-300x225.jpg 300w\" sizes=\"auto, (max-width: 334px) 100vw, 334px\" \/><\/a><span class='text_holder'><span class='text_outer'><span class='text_inner'><div class=\"hover_feature_holder_title\"><div class=\"hover_feature_holder_title_inner\"><h5 itemprop=\"name\" class=\"portfolio_title entry_title\"><a itemprop=\"url\" href=\"https:\/\/grupalvid.com\/es\/portfolio_page\/pozos-y-canalizacion\/\"  target=\"_self\">Pozos y canalizaci\u00f3n<\/a><\/h5><span class=\"project_category\" >Obra civil<\/span><\/div><\/div><span class='feature_holder'><span class=\"feature_holder_icons\"><span class='portfolio_like qbutton small white'><a  href=\"#\" class=\"qode-like\" id=\"qode-like-897\" title=\"Like this\">0<span>  Likes<\/span><\/a><\/span><\/span><\/span><\/span><\/span><\/span><\/article>\n<\/div><\/div>[\/vc_column][\/vc_row][vc_row css_animation=\u00bb\u00bb row_type=\u00bbrow\u00bb use_row_as_full_screen_section=\u00bbno\u00bb type=\u00bbgrid\u00bb angled_section=\u00bbno\u00bb text_align=\u00bbcenter\u00bb background_image_as_pattern=\u00bbwithout_pattern\u00bb background_color=\u00bb#f7f7f7&#8243; css=\u00bb.vc_custom_1456830959252{padding-top: 146px !important;padding-bottom: 38px !important;}\u00bb][vc_column width=\u00bb5\/6&#8243; offset=\u00bbvc_col-lg-offset-3 vc_col-lg-6 vc_col-md-offset-3 vc_col-md-6 vc_col-sm-offset-1&#8243;][vc_column_text]<\/p>\n<h2>\u00daltimas noticias<\/h2>\n<p>[\/vc_column_text][vc_separator type=\u00bbsmall\u00bb position=\u00bbcenter\u00bb][\/vc_column][\/vc_row][vc_row css_animation=\u00bb\u00bb row_type=\u00bbrow\u00bb use_row_as_full_screen_section=\u00bbno\u00bb type=\u00bbgrid\u00bb angled_section=\u00bbno\u00bb text_align=\u00bbleft\u00bb background_image_as_pattern=\u00bbwithout_pattern\u00bb css=\u00bb.vc_custom_1456831003093{padding-bottom: 124px !important;background-color: #f7f7f7 !important;}\u00bb][vc_column]<div class='latest_post_two_holder three_columns'><ul><li class=\"clearfix\"><div class=\"latest_post_two_image\"><a itemprop=\"url\" href=\"https:\/\/grupalvid.com\/es\/celebramos-25-anos-dedicados-a-construir-suenos\/\"><img loading=\"lazy\" decoding=\"async\" src=\"https:\/\/grupalvid.com\/wp-content\/uploads\/2024\/10\/CELEBREM-UNA-FITA-MOLT-ESPECIAL1-450x280.png\" alt=\"Celebrem 25 anys dedicats a construir somnis!\" width=\"450\" height=\"280\" \/><\/a><\/div><div class=\"latest_post_two_inner\" ><div class=\"latest_post_two_text\"><h5 itemprop=\"name\" class=\"latest_post_two_title entry_title\"><a itemprop=\"url\" href=\"https:\/\/grupalvid.com\/es\/celebramos-25-anos-dedicados-a-construir-suenos\/\" >Celebramos 25 a\u00f1os dedicados a construir sue\u00f1os!<\/a><\/h5><div class=\"separator small left \" ><\/div><p itemprop=\"description\" class=\"latest_post_two_excerpt\" >Estamos de aniversario! Celebramos un hito muy especial: \u00a125 a\u00f1os dedicados a construir sue\u00f1os, creando nuevas vivencias y dise\u00f1ando nuevos espacios que perduran en el tiem<\/p><\/div><div class=\"latest_post_two_info\" style='border-color: #e0e0e0;'><div class=\"latest_post_two_info_inner\" style='color: #303030;'><div class=\"post_info_author\"><img alt='Author Image' src='https:\/\/secure.gravatar.com\/avatar\/e1562fd3e30d9daed0fb0a9c8d74d5a30f4adf7eef9fed4219e89e3950bab93d?s=30&#038;d=mm&#038;r=g' srcset='https:\/\/secure.gravatar.com\/avatar\/e1562fd3e30d9daed0fb0a9c8d74d5a30f4adf7eef9fed4219e89e3950bab93d?s=60&#038;d=mm&#038;r=g 2x' class='avatar avatar-30 photo' height='30' width='30' \/><span class=\"post_info_author_name\">grupalvid<\/span><\/div><div itemprop=\"dateCreated\" class=\"post_info_date entry_date updated\">23 octubre, 2024<meta itemprop=\"interactionCount\" content=\"UserComments: <?php echo get_comments_number(qode_get_page_id()); ?>\"\/><\/div><\/div><\/div><\/div><\/li><li class=\"clearfix\"><div class=\"latest_post_two_image\"><a itemprop=\"url\" href=\"https:\/\/grupalvid.com\/es\/tecnicas-y-metodos-modernos-en-la-construccion\/\"><img loading=\"lazy\" decoding=\"async\" src=\"https:\/\/grupalvid.com\/wp-content\/uploads\/2024\/05\/Tecnicas-y-Metodos-Modernos-en-la-Construccion-450x280.jpg\" alt=\"T\u00e9cnicas y M\u00e9todos Modernos en la Construcci\u00f3n\" width=\"450\" height=\"280\" \/><\/a><\/div><div class=\"latest_post_two_inner\" ><div class=\"latest_post_two_text\"><h5 itemprop=\"name\" class=\"latest_post_two_title entry_title\"><a itemprop=\"url\" href=\"https:\/\/grupalvid.com\/es\/tecnicas-y-metodos-modernos-en-la-construccion\/\" >T\u00e9cnicas y M\u00e9todos Modernos en la Construcci\u00f3n<\/a><\/h5><div class=\"separator small left \" ><\/div><p itemprop=\"description\" class=\"latest_post_two_excerpt\" >Introducci\u00f3n En este emocionante viaje, exploraremos las innovaciones m\u00e1s recientes que est\u00e1n transformando la industria de la construcci\u00f3n. Desde la construcci\u00f3n modular h<\/p><\/div><div class=\"latest_post_two_info\" style='border-color: #e0e0e0;'><div class=\"latest_post_two_info_inner\" style='color: #303030;'><div class=\"post_info_author\"><img alt='Author Image' src='https:\/\/secure.gravatar.com\/avatar\/ad5fb61c352a2dc864f7080d0b53612123d4da44103b11fac85814ae30e7d51a?s=30&#038;d=mm&#038;r=g' srcset='https:\/\/secure.gravatar.com\/avatar\/ad5fb61c352a2dc864f7080d0b53612123d4da44103b11fac85814ae30e7d51a?s=60&#038;d=mm&#038;r=g 2x' class='avatar avatar-30 photo' height='30' width='30' \/><span class=\"post_info_author_name\">admin<\/span><\/div><div itemprop=\"dateCreated\" class=\"post_info_date entry_date updated\">23 mayo, 2024<meta itemprop=\"interactionCount\" content=\"UserComments: <?php echo get_comments_number(qode_get_page_id()); ?>\"\/><\/div><\/div><\/div><\/div><\/li><li class=\"clearfix\"><div class=\"latest_post_two_image\"><a itemprop=\"url\" href=\"https:\/\/grupalvid.com\/es\/seguridad-en-la-construccion-de-alvid\/\"><img loading=\"lazy\" decoding=\"async\" src=\"https:\/\/grupalvid.com\/wp-content\/uploads\/2024\/05\/seguridad-en-la-construccion-450x280.jpg\" alt=\"seguridad en la construcci\u00f3n\" width=\"450\" height=\"280\" \/><\/a><\/div><div class=\"latest_post_two_inner\" ><div class=\"latest_post_two_text\"><h5 itemprop=\"name\" class=\"latest_post_two_title entry_title\"><a itemprop=\"url\" href=\"https:\/\/grupalvid.com\/es\/seguridad-en-la-construccion-de-alvid\/\" >La seguridad en la Construcci\u00f3n de Alvid. Medidas y Prevenci\u00f3n<\/a><\/h5><div class=\"separator small left \" ><\/div><p itemprop=\"description\" class=\"latest_post_two_excerpt\" >Introducci\u00f3n La seguridad en la construcci\u00f3n es un tema crucial que afecta no solo a los trabajadores, sino tambi\u00e9n a todos los involucrados en un proyecto de edificaci\u00f3n. <\/p><\/div><div class=\"latest_post_two_info\" style='border-color: #e0e0e0;'><div class=\"latest_post_two_info_inner\" style='color: #303030;'><div class=\"post_info_author\"><img alt='Author Image' src='https:\/\/secure.gravatar.com\/avatar\/ad5fb61c352a2dc864f7080d0b53612123d4da44103b11fac85814ae30e7d51a?s=30&#038;d=mm&#038;r=g' srcset='https:\/\/secure.gravatar.com\/avatar\/ad5fb61c352a2dc864f7080d0b53612123d4da44103b11fac85814ae30e7d51a?s=60&#038;d=mm&#038;r=g 2x' class='avatar avatar-30 photo' height='30' width='30' \/><span class=\"post_info_author_name\">admin<\/span><\/div><div itemprop=\"dateCreated\" class=\"post_info_date entry_date updated\">23 mayo, 2024<meta itemprop=\"interactionCount\" content=\"UserComments: <?php echo get_comments_number(qode_get_page_id()); ?>\"\/><\/div><\/div><\/div><\/div><\/li><\/ul><\/div>[\/vc_column][\/vc_row][vc_row css_animation=\u00bb\u00bb row_type=\u00bbrow\u00bb use_row_as_full_screen_section=\u00bbno\u00bb type=\u00bbfull_width\u00bb angled_section=\u00bbno\u00bb text_align=\u00bbcenter\u00bb background_image_as_pattern=\u00bbwithout_pattern\u00bb][vc_column]<div class=\"call_to_action simple\" style=\"background-color: #2b2c2e;padding-top: 40px;padding-bottom: 40px;\"><div class=\"container_inner\"><div class=\"text_wrapper column1\"><div class=\"call_to_action_text  font_size_inherit font_weight_inherit letter_spacing_inherit\" style=\"font-size:16px;font-weight: 600;letter-spacing: -1px;\">\n<p style=\"text-align: center;\"><span style=\"color: #ffffff;\">Cont\u00e1ctanos ahora para obtener un presupuesto para tu proyecto<\/span><\/p>\n<\/div><a itemprop=\"url\" href=\"\/es\/contacto\/\" class=\"qbutton white medium\" target=\"_self\" style=\"\"data-hover-background-color=#ffffff data-hover-color=#303030>CONTACTO<\/a><\/div><\/div><\/div>[\/vc_column][\/vc_row]<\/p>\n<\/div>","protected":false},"excerpt":{"rendered":"<p>[vc_row css_animation=\u00bb\u00bb row_type=\u00bbrow\u00bb use_row_as_full_screen_section=\u00bbno\u00bb type=\u00bbgrid\u00bb angled_section=\u00bbno\u00bb text_align=\u00bbleft\u00bb background_image_as_pattern=\u00bbwithout_pattern\u00bb z_index=\u00bb\u00bb][vc_column][vc_empty_space height=\u00bb148px\u00bb][vc_column_text] Servicios [\/vc_column_text][vc_separator type=\u00bbsmall\u00bb position=\u00bbcenter\u00bb color=\u00bb#9d2d7f\u00bb][vc_empty_space height=\u00bb68px\u00bb][vc_row_inner row_type=\u00bbrow\u00bb type=\u00bbfull_width\u00bb text_align=\u00bbleft\u00bb css_animation=\u00bb\u00bb][vc_column_inner width=\u00bb1\/3&#8243;][\/vc_column_inner][vc_column_inner width=\u00bb1\/3&#8243;][\/vc_column_inner][vc_column_inner width=\u00bb1\/3&#8243;][\/vc_column_inner][\/vc_row_inner][vc_empty_space height=\u00bb52px\u00bb][vc_row_inner row_type=\u00bbrow\u00bb type=\u00bbfull_width\u00bb text_align=\u00bbleft\u00bb css_animation=\u00bb\u00bb][vc_column_inner width=\u00bb1\/3&#8243;][\/vc_column_inner][vc_column_inner width=\u00bb1\/3&#8243;][\/vc_column_inner][vc_column_inner width=\u00bb1\/3&#8243;][\/vc_column_inner][\/vc_row_inner][vc_empty_space height=\u00bb102px\u00bb][\/vc_column][\/vc_row][vc_row css_animation=\u00bb\u00bb row_type=\u00bbrow\u00bb use_row_as_full_screen_section=\u00bbno\u00bb type=\u00bbgrid\u00bb angled_section=\u00bbno\u00bb text_align=\u00bbcenter\u00bb background_image_as_pattern=\u00bbwithout_pattern\u00bb background_color=\u00bb#f7f7f7&#8243; css=\u00bb.vc_custom_1456138762113{padding-top: 126px !important;padding-bottom: 86px !important;}\u00bb][vc_column&#8230;<\/p>\n","protected":false},"author":1,"featured_media":0,"parent":0,"menu_order":0,"comment_status":"closed","ping_status":"closed","template":"full_width.php","meta":{"footnotes":""},"class_list":["post-602","page","type-page","status-publish","hentry"],"_links":{"self":[{"href":"https:\/\/grupalvid.com\/es\/wp-json\/wp\/v2\/pages\/602","targetHints":{"allow":["GET"]}}],"collection":[{"href":"https:\/\/grupalvid.com\/es\/wp-json\/wp\/v2\/pages"}],"about":[{"href":"https:\/\/grupalvid.com\/es\/wp-json\/wp\/v2\/types\/page"}],"author":[{"embeddable":true,"href":"https:\/\/grupalvid.com\/es\/wp-json\/wp\/v2\/users\/1"}],"replies":[{"embeddable":true,"href":"https:\/\/grupalvid.com\/es\/wp-json\/wp\/v2\/comments?post=602"}],"version-history":[{"count":0,"href":"https:\/\/grupalvid.com\/es\/wp-json\/wp\/v2\/pages\/602\/revisions"}],"wp:attachment":[{"href":"https:\/\/grupalvid.com\/es\/wp-json\/wp\/v2\/media?parent=602"}],"curies":[{"name":"wp","href":"https:\/\/api.w.org\/{rel}","templated":true}]}}